{"id":7530,"date":"2025-07-28T16:52:18","date_gmt":"2025-07-28T16:52:18","guid":{"rendered":"https:\/\/www.culturatlaxcala.com.mx\/?page_id=7530"},"modified":"2025-08-18T15:32:35","modified_gmt":"2025-08-18T15:32:35","slug":"agenda","status":"publish","type":"page","link":"https:\/\/www.culturatlaxcala.com.mx\/index.php\/agenda\/","title":{"rendered":"AGENDA"},"content":{"rendered":"\n<figure class=\"wp-block-table\"><table class=\"has-fixed-layout\"><tbody><tr><td>\n<b>AGOSTO 2025<\/b><\/td><\/tr><tr><td><b>TEATRO<\/b><\/td><\/tr><tr><td><strong>Somnia, Un espect\u00e1culo de circo<br>\n<\/strong>Jueves 14 de Agosto<br>\nTeatro Xicoht\u00e9ncatl,  19:00 hrs., Costo: $150.00<br>\nAv. Ju\u00e1rez No. 21, Centro Tlaxcala\u2003<\/td><td>\u2003<a href=\"http:\/\/www.culturatlaxcala.com.mx\/wp-content\/uploads\/2025\/08\/TX_SomniaAgo2025-819x1024.jpg\" target=\"_blank\" rel=\"noreferrer noopener\"><p><\/p>\n<figure class=\"wp-block-image size-large is-resized\"><figure><img loading=\"lazy\" decoding=\"async\" width=\"819\" height=\"1024\" src=\"http:\/\/www.culturatlaxcala.com.mx\/wp-content\/uploads\/2025\/08\/TX_SomniaAgo2025-819x1024.jpg\" alt=\"\" class=\"wp-image-7824\" style=\"width:247px;height:auto\" srcset=\"https:\/\/www.culturatlaxcala.com.mx\/wp-content\/uploads\/2025\/08\/TX_SomniaAgo2025-819x1024.jpg 819w, https:\/\/www.culturatlaxcala.com.mx\/wp-content\/uploads\/2025\/08\/TX_SomniaAgo2025-240x300.jpg 240w, https:\/\/www.culturatlaxcala.com.mx\/wp-content\/uploads\/2025\/08\/TX_SomniaAgo2025-768x960.jpg 768w, https:\/\/www.culturatlaxcala.com.mx\/wp-content\/uploads\/2025\/08\/TX_SomniaAgo2025-1228x1536.jpg 1228w, https:\/\/www.culturatlaxcala.com.mx\/wp-content\/uploads\/2025\/08\/TX_SomniaAgo2025.jpg 1350w\" sizes=\"auto, (max-width: 819px) 100vw, 819px\" \/><\/figure><\/figure>\n<\/a><p><a href=\"http:\/\/www.culturatlaxcala.com.mx\/wp-content\/uploads\/2025\/08\/TX_SomniaAgo2025-819x1024.jpg\" target=\"_blank\" rel=\"noreferrer noopener\"><\/a><\/p><\/td><\/tr><tr><td><strong>34 Aniversario del Museo Nacional del T\u00edtere (MUNATI)<br>\n<\/strong>S\u00e1bado 9 de Agosto<br>\nParque Ju\u00e1rez No. 15, Centro, Huamantla.<br>\n\u2003<\/td><td>\u2003<a href=\"https:\/\/www.culturatlaxcala.com.mx\/wp-content\/uploads\/2025\/08\/MUNATI_34AniversarioAgo2025-662x1024.jpg\" target=\"_blank\" rel=\"noreferrer noopener\"><p><\/p>\n<figure class=\"wp-block-image size-large is-resized\"><figure><img loading=\"lazy\" decoding=\"async\" width=\"662\" height=\"1024\" src=\"https:\/\/www.culturatlaxcala.com.mx\/wp-content\/uploads\/2025\/08\/MUNATI_34AniversarioAgo2025-662x1024.jpg\" alt=\"\" class=\"wp-image-7790\" style=\"width:165px;height:auto\" srcset=\"https:\/\/www.culturatlaxcala.com.mx\/wp-content\/uploads\/2025\/08\/MUNATI_34AniversarioAgo2025-662x1024.jpg 662w, https:\/\/www.culturatlaxcala.com.mx\/wp-content\/uploads\/2025\/08\/MUNATI_34AniversarioAgo2025-194x300.jpg 194w, https:\/\/www.culturatlaxcala.com.mx\/wp-content\/uploads\/2025\/08\/MUNATI_34AniversarioAgo2025-768x1187.jpg 768w, https:\/\/www.culturatlaxcala.com.mx\/wp-content\/uploads\/2025\/08\/MUNATI_34AniversarioAgo2025-994x1536.jpg 994w, https:\/\/www.culturatlaxcala.com.mx\/wp-content\/uploads\/2025\/08\/MUNATI_34AniversarioAgo2025.jpg 1035w\" sizes=\"auto, (max-width: 662px) 100vw, 662px\" \/><\/figure><\/figure>\n<\/a><p><a href=\"https:\/\/www.culturatlaxcala.com.mx\/wp-content\/uploads\/2025\/08\/MUNATI_34AniversarioAgo2025-662x1024.jpg\" target=\"_blank\" rel=\"noreferrer noopener\"><\/a><\/p><\/td><\/tr><tr><td><strong>Compa\u00f1\u00eda Mezcolanza Teatro presenta: ZUR<br>\n<\/strong>Martes 12 de Agosto<br>\nTeatro Xicoht\u00e9ncatl,  19:00 hrs., Venta de Boletos en Taquilla<br>\nAv. Ju\u00e1rez No. 21, Centro Tlaxcala\u2003<\/td><td>\u2003<a href=\"https:\/\/www.culturatlaxcala.com.mx\/wp-content\/uploads\/2025\/08\/TX_Zur_Ago2025-576x1024.jpg\" target=\"_blank\" rel=\"noreferrer noopener\"><p><\/p>\n<figure class=\"wp-block-image size-large is-resized\"><figure><img loading=\"lazy\" decoding=\"async\" width=\"576\" height=\"1024\" src=\"https:\/\/www.culturatlaxcala.com.mx\/wp-content\/uploads\/2025\/08\/TX_Zur_Ago2025-576x1024.jpg\" alt=\"\" class=\"wp-image-7757\" style=\"width:137px;height:auto\" srcset=\"https:\/\/www.culturatlaxcala.com.mx\/wp-content\/uploads\/2025\/08\/TX_Zur_Ago2025-576x1024.jpg 576w, https:\/\/www.culturatlaxcala.com.mx\/wp-content\/uploads\/2025\/08\/TX_Zur_Ago2025-169x300.jpg 169w, https:\/\/www.culturatlaxcala.com.mx\/wp-content\/uploads\/2025\/08\/TX_Zur_Ago2025-768x1365.jpg 768w, https:\/\/www.culturatlaxcala.com.mx\/wp-content\/uploads\/2025\/08\/TX_Zur_Ago2025-864x1536.jpg 864w, https:\/\/www.culturatlaxcala.com.mx\/wp-content\/uploads\/2025\/08\/TX_Zur_Ago2025.jpg 1080w\" sizes=\"auto, (max-width: 576px) 100vw, 576px\" \/><\/figure><\/figure>\n<\/a><p><a href=\"https:\/\/www.culturatlaxcala.com.mx\/wp-content\/uploads\/2025\/08\/TX_Zur_Ago2025-576x1024.jpg\" target=\"_blank\" rel=\"noreferrer noopener\"><\/a><\/p><\/td><\/tr><tr><td><strong>El Despertar de los Guardianes<br>\n<\/strong>Lunes 25 de Agosto<br>\nTeatro Xicoht\u00e9ncatl,  18:00 hrs.<br>\nAv. Ju\u00e1rez No. 21, Centro Tlaxcala\u2003<\/td><td>\u2003<a href=\"https:\/\/www.culturatlaxcala.com.mx\/wp-content\/uploads\/2025\/07\/TX_ImpudentesTeatroAgo2025-768x1024.jpg\" target=\"_blank\" rel=\"noreferrer noopener\"><p><\/p>\n<figure class=\"wp-block-image size-large is-resized\"><figure><img loading=\"lazy\" decoding=\"async\" width=\"768\" height=\"1024\" src=\"https:\/\/www.culturatlaxcala.com.mx\/wp-content\/uploads\/2025\/07\/TX_ImpudentesTeatroAgo2025-768x1024.jpg\" alt=\"\" class=\"wp-image-7588\" style=\"width:252px;height:auto\" srcset=\"https:\/\/www.culturatlaxcala.com.mx\/wp-content\/uploads\/2025\/07\/TX_ImpudentesTeatroAgo2025-768x1024.jpg 768w, https:\/\/www.culturatlaxcala.com.mx\/wp-content\/uploads\/2025\/07\/TX_ImpudentesTeatroAgo2025-225x300.jpg 225w, https:\/\/www.culturatlaxcala.com.mx\/wp-content\/uploads\/2025\/07\/TX_ImpudentesTeatroAgo2025-1152x1536.jpg 1152w, https:\/\/www.culturatlaxcala.com.mx\/wp-content\/uploads\/2025\/07\/TX_ImpudentesTeatroAgo2025.jpg 1200w\" sizes=\"auto, (max-width: 768px) 100vw, 768px\" \/><\/figure><\/figure>\n<\/a><p><a href=\"https:\/\/www.culturatlaxcala.com.mx\/wp-content\/uploads\/2025\/07\/TX_ImpudentesTeatroAgo2025-768x1024.jpg\" target=\"_blank\" rel=\"noreferrer noopener\"><\/a><\/p><\/td><\/tr><tr><td><b>M\u00daSICA<\/b><\/td><\/tr><tr><td><strong>Sue\u00f1os de una noche de verano<br>\n<\/strong> Martes 26 de Agosto<br>\nTeatro Xicoht\u00e9ncatl,  18:00 hrs. Entrada general: $100, Alumnos e INAPAM: $50<br>\nAv. Ju\u00e1rez No. 21, Centro Tlaxcala\u2003<\/td><td>\u2003<a href=\"https:\/\/www.culturatlaxcala.com.mx\/wp-content\/uploads\/2025\/08\/TX_suenoNocheAgo2025-1021x1024.jpg\" target=\"_blank\" rel=\"noreferrer noopener\"><p><\/p>\n<figure class=\"wp-block-image size-large is-resized\"><figure><img loading=\"lazy\" decoding=\"async\" width=\"1021\" height=\"1024\" src=\"https:\/\/www.culturatlaxcala.com.mx\/wp-content\/uploads\/2025\/08\/TX_suenoNocheAgo2025-1021x1024.jpg\" alt=\"\" class=\"wp-image-7838\" style=\"width:256px;height:auto\" srcset=\"https:\/\/www.culturatlaxcala.com.mx\/wp-content\/uploads\/2025\/08\/TX_suenoNocheAgo2025-1021x1024.jpg 1021w, https:\/\/www.culturatlaxcala.com.mx\/wp-content\/uploads\/2025\/08\/TX_suenoNocheAgo2025-300x300.jpg 300w, https:\/\/www.culturatlaxcala.com.mx\/wp-content\/uploads\/2025\/08\/TX_suenoNocheAgo2025-150x150.jpg 150w, https:\/\/www.culturatlaxcala.com.mx\/wp-content\/uploads\/2025\/08\/TX_suenoNocheAgo2025-768x770.jpg 768w, https:\/\/www.culturatlaxcala.com.mx\/wp-content\/uploads\/2025\/08\/TX_suenoNocheAgo2025-1532x1536.jpg 1532w, https:\/\/www.culturatlaxcala.com.mx\/wp-content\/uploads\/2025\/08\/TX_suenoNocheAgo2025-380x380.jpg 380w, https:\/\/www.culturatlaxcala.com.mx\/wp-content\/uploads\/2025\/08\/TX_suenoNocheAgo2025-285x285.jpg 285w, https:\/\/www.culturatlaxcala.com.mx\/wp-content\/uploads\/2025\/08\/TX_suenoNocheAgo2025.jpg 1570w\" sizes=\"auto, (max-width: 1021px) 100vw, 1021px\" \/><\/figure><\/figure>\n<\/a><p><a href=\"https:\/\/www.culturatlaxcala.com.mx\/wp-content\/uploads\/2025\/08\/TX_suenoNocheAgo2025-1021x1024.jpg\" target=\"_blank\" rel=\"noreferrer noopener\"><\/a><\/p><\/td><\/tr><tr><td><strong>Los M\u00fasicos de Jos\u00e9<br>\n<\/strong> Viernes 29 de Agosto<br>\nTeatro Xicoht\u00e9ncatl,  19:30 hrs.<br>\nAv. Ju\u00e1rez No. 21, Centro Tlaxcala\u2003<\/td><td>\u2003<a href=\"http:\/\/www.culturatlaxcala.com.mx\/wp-content\/uploads\/2025\/08\/TX_MusicosJoseAgo2025-1-1024x1024.jpg\" target=\"_blank\" rel=\"noreferrer noopener\"><p><\/p>\n<figure class=\"wp-block-image size-large is-resized\"><figure><img loading=\"lazy\" decoding=\"async\" width=\"1024\" height=\"1024\" src=\"http:\/\/www.culturatlaxcala.com.mx\/wp-content\/uploads\/2025\/08\/TX_MusicosJoseAgo2025-1-1024x1024.jpg\" alt=\"\" class=\"wp-image-7804\" style=\"width:214px;height:auto\" srcset=\"https:\/\/www.culturatlaxcala.com.mx\/wp-content\/uploads\/2025\/08\/TX_MusicosJoseAgo2025-1-1024x1024.jpg 1024w, https:\/\/www.culturatlaxcala.com.mx\/wp-content\/uploads\/2025\/08\/TX_MusicosJoseAgo2025-1-300x300.jpg 300w, https:\/\/www.culturatlaxcala.com.mx\/wp-content\/uploads\/2025\/08\/TX_MusicosJoseAgo2025-1-150x150.jpg 150w, https:\/\/www.culturatlaxcala.com.mx\/wp-content\/uploads\/2025\/08\/TX_MusicosJoseAgo2025-1-768x767.jpg 768w, https:\/\/www.culturatlaxcala.com.mx\/wp-content\/uploads\/2025\/08\/TX_MusicosJoseAgo2025-1-570x570.jpg 570w, https:\/\/www.culturatlaxcala.com.mx\/wp-content\/uploads\/2025\/08\/TX_MusicosJoseAgo2025-1-380x380.jpg 380w, https:\/\/www.culturatlaxcala.com.mx\/wp-content\/uploads\/2025\/08\/TX_MusicosJoseAgo2025-1-285x285.jpg 285w, https:\/\/www.culturatlaxcala.com.mx\/wp-content\/uploads\/2025\/08\/TX_MusicosJoseAgo2025-1.jpg 1498w\" sizes=\"auto, (max-width: 1024px) 100vw, 1024px\" \/><\/figure><\/figure>\n<\/a><p><a href=\"http:\/\/www.culturatlaxcala.com.mx\/wp-content\/uploads\/2025\/08\/TX_MusicosJoseAgo2025-1-1024x1024.jpg\" target=\"_blank\" rel=\"noreferrer noopener\"><\/a><\/p><\/td><\/tr><tr><td><strong>Convocatoria Concurso de composici\u00f3n &#8220;Canci\u00f3n a Tlaxcala 500 a\u00f1os&#8221;<br>\n<\/strong> del 30 de julio al 26 de septiembre de 2025<br>\nEscuela de M\u00fasica del Estado de Tlaxcala (EMET), Centro de las Artes, San Luis Apizaquito, Apizaco<br>\n<a href=\"https:\/\/www.culturatlaxcala.com.mx\/formulario_inscripcion_concurso_composicion_500_a\u00f1os.docx\" target=\"_blank\" rel=\"noreferrer noopener\">Descargar Formato de inscripci\u00f3n<\/a>\u2003<\/td><td>\u2003<a href=\"https:\/\/www.culturatlaxcala.com.mx\/convocaCanto_500a%C3%B1os_emet2025.pdf\" target=\"_blank\" rel=\"noreferrer noopener\"><p><\/p>\n<figure class=\"wp-block-image size-large is-resized\"><figure><img loading=\"lazy\" decoding=\"async\" width=\"1024\" height=\"1024\" src=\"http:\/\/www.culturatlaxcala.com.mx\/wp-content\/uploads\/2025\/07\/portada_conv_cancion-1024x1024.jpg\" alt=\"\" class=\"wp-image-7616\" style=\"width:259px;height:auto\" srcset=\"https:\/\/www.culturatlaxcala.com.mx\/wp-content\/uploads\/2025\/07\/portada_conv_cancion-1024x1024.jpg 1024w, https:\/\/www.culturatlaxcala.com.mx\/wp-content\/uploads\/2025\/07\/portada_conv_cancion-300x300.jpg 300w, https:\/\/www.culturatlaxcala.com.mx\/wp-content\/uploads\/2025\/07\/portada_conv_cancion-150x150.jpg 150w, https:\/\/www.culturatlaxcala.com.mx\/wp-content\/uploads\/2025\/07\/portada_conv_cancion-768x768.jpg 768w, https:\/\/www.culturatlaxcala.com.mx\/wp-content\/uploads\/2025\/07\/portada_conv_cancion-1536x1536.jpg 1536w, https:\/\/www.culturatlaxcala.com.mx\/wp-content\/uploads\/2025\/07\/portada_conv_cancion-2048x2048.jpg 2048w\" sizes=\"auto, (max-width: 1024px) 100vw, 1024px\" \/><\/figure><\/figure>\n<\/a><p><a href=\"https:\/\/www.culturatlaxcala.com.mx\/convocaCanto_500a%C3%B1os_emet2025.pdf\" target=\"_blank\" rel=\"noreferrer noopener\"><\/a><\/p><\/td><\/tr><tr><td><strong>Actividades de Casa de M\u00fasica<br>\n<\/strong> del 1 al 31 de agosto<br>\nVarias sedes<br>\n\u2003<\/td><td>\u2003<a href=\"https:\/\/www.culturatlaxcala.com.mx\/wp-content\/uploads\/2025\/08\/CasaMusica_Ago2025-1024x791.jpg\" target=\"_blank\" rel=\"noreferrer noopener\"><p><\/p>\n<figure class=\"wp-block-image size-large is-resized\"><figure><img loading=\"lazy\" decoding=\"async\" width=\"1024\" height=\"791\" src=\"https:\/\/www.culturatlaxcala.com.mx\/wp-content\/uploads\/2025\/08\/CasaMusica_Ago2025-1024x791.jpg\" alt=\"\" class=\"wp-image-7773\" style=\"width:236px;height:auto\" srcset=\"https:\/\/www.culturatlaxcala.com.mx\/wp-content\/uploads\/2025\/08\/CasaMusica_Ago2025-1024x791.jpg 1024w, https:\/\/www.culturatlaxcala.com.mx\/wp-content\/uploads\/2025\/08\/CasaMusica_Ago2025-300x232.jpg 300w, https:\/\/www.culturatlaxcala.com.mx\/wp-content\/uploads\/2025\/08\/CasaMusica_Ago2025-768x593.jpg 768w, https:\/\/www.culturatlaxcala.com.mx\/wp-content\/uploads\/2025\/08\/CasaMusica_Ago2025-1536x1187.jpg 1536w, https:\/\/www.culturatlaxcala.com.mx\/wp-content\/uploads\/2025\/08\/CasaMusica_Ago2025.jpg 2048w\" sizes=\"auto, (max-width: 1024px) 100vw, 1024px\" \/><\/figure><\/figure>\n<\/a><p><a href=\"https:\/\/www.culturatlaxcala.com.mx\/wp-content\/uploads\/2025\/08\/CasaMusica_Ago2025-1024x791.jpg\" target=\"_blank\" rel=\"noreferrer noopener\"><\/a><\/p><\/td><\/tr><tr><td><strong>Concierto de piano<br>\n<\/strong> Viernes 15 de Agosto<br>\nTeatro Xicoht\u00e9ncatl,  18:00 hrs. <b>COSTO:<\/b>$150.00<br>\nAv. Ju\u00e1rez No. 21, Centro Tlaxcala\u2003<\/td><td>\u2003<a href=\"https:\/\/www.culturatlaxcala.com.mx\/wp-content\/uploads\/2025\/07\/EMET-ConciertoAlumnosEMET_Ago2025-1024x1021.jpg\" target=\"_blank\" rel=\"noreferrer noopener\"><p><\/p>\n<figure class=\"wp-block-image size-large is-resized\"><figure><img loading=\"lazy\" decoding=\"async\" width=\"1024\" height=\"1021\" src=\"https:\/\/www.culturatlaxcala.com.mx\/wp-content\/uploads\/2025\/07\/EMET-ConciertoAlumnosEMET_Ago2025-1024x1021.jpg\" alt=\"\" class=\"wp-image-7583\" style=\"width:281px;height:auto\" srcset=\"https:\/\/www.culturatlaxcala.com.mx\/wp-content\/uploads\/2025\/07\/EMET-ConciertoAlumnosEMET_Ago2025-1024x1021.jpg 1024w, https:\/\/www.culturatlaxcala.com.mx\/wp-content\/uploads\/2025\/07\/EMET-ConciertoAlumnosEMET_Ago2025-300x300.jpg 300w, https:\/\/www.culturatlaxcala.com.mx\/wp-content\/uploads\/2025\/07\/EMET-ConciertoAlumnosEMET_Ago2025-150x150.jpg 150w, https:\/\/www.culturatlaxcala.com.mx\/wp-content\/uploads\/2025\/07\/EMET-ConciertoAlumnosEMET_Ago2025-768x766.jpg 768w, https:\/\/www.culturatlaxcala.com.mx\/wp-content\/uploads\/2025\/07\/EMET-ConciertoAlumnosEMET_Ago2025-1536x1532.jpg 1536w, https:\/\/www.culturatlaxcala.com.mx\/wp-content\/uploads\/2025\/07\/EMET-ConciertoAlumnosEMET_Ago2025.jpg 1578w\" sizes=\"auto, (max-width: 1024px) 100vw, 1024px\" \/><\/figure><\/figure>\n<\/a><p><a href=\"https:\/\/www.culturatlaxcala.com.mx\/wp-content\/uploads\/2025\/07\/EMET-ConciertoAlumnosEMET_Ago2025-1024x1021.jpg\" target=\"_blank\" rel=\"noreferrer noopener\"><\/a><\/p><\/td><\/tr><tr><td><strong>World Music Band<br>\n<\/strong>Jueves 21 de agosto<br>\nTeatro Xicoht\u00e9ncatl,  19:00 hrs. <b>COSTO:<\/b>Preventa: $180.00 \/ Taquilla: $230.00<br>\nAv. Ju\u00e1rez No. 21, Centro Tlaxcala\u2003<\/td><td>\u2003<a href=\"https:\/\/www.culturatlaxcala.com.mx\/wp-content\/uploads\/2025\/08\/TX_WorldMusicBandAgo2025-576x1024.jpg\" target=\"_blank\" rel=\"noreferrer noopener\"><p><\/p>\n<figure class=\"wp-block-image size-large is-resized\"><figure><img loading=\"lazy\" decoding=\"async\" width=\"576\" height=\"1024\" src=\"https:\/\/www.culturatlaxcala.com.mx\/wp-content\/uploads\/2025\/08\/TX_WorldMusicBandAgo2025-576x1024.jpg\" alt=\"\" class=\"wp-image-7761\" style=\"width:136px;height:auto\" srcset=\"https:\/\/www.culturatlaxcala.com.mx\/wp-content\/uploads\/2025\/08\/TX_WorldMusicBandAgo2025-576x1024.jpg 576w, https:\/\/www.culturatlaxcala.com.mx\/wp-content\/uploads\/2025\/08\/TX_WorldMusicBandAgo2025-169x300.jpg 169w, https:\/\/www.culturatlaxcala.com.mx\/wp-content\/uploads\/2025\/08\/TX_WorldMusicBandAgo2025-768x1365.jpg 768w, https:\/\/www.culturatlaxcala.com.mx\/wp-content\/uploads\/2025\/08\/TX_WorldMusicBandAgo2025-864x1536.jpg 864w, https:\/\/www.culturatlaxcala.com.mx\/wp-content\/uploads\/2025\/08\/TX_WorldMusicBandAgo2025.jpg 1080w\" sizes=\"auto, (max-width: 576px) 100vw, 576px\" \/><\/figure><\/figure>\n<\/a><p><a href=\"https:\/\/www.culturatlaxcala.com.mx\/wp-content\/uploads\/2025\/08\/TX_WorldMusicBandAgo2025-576x1024.jpg\" target=\"_blank\" rel=\"noreferrer noopener\"><\/a><\/p><\/td><\/tr><tr><td><strong>Los m\u00fasicos de Jos\u00e9<br>\n<\/strong>Viernes 29 de agosto<br>\nTeatro Xicoht\u00e9ncatl,  20:00 hrs. <b>COSTO:<\/b> Preventa: $250.00 \/ Taquilla: $300.00<br>\nAv. Ju\u00e1rez No. 21, Centro Tlaxcala\u2003<\/td><td>\u2003<a href=\"https:\/\/www.culturatlaxcala.com.mx\/wp-content\/uploads\/2025\/08\/TX_musicosJoseAgo2025-576x1024.jpg\" target=\"_blank\" rel=\"noreferrer noopener\"><p><\/p>\n<figure class=\"wp-block-image size-large is-resized\"><figure><img loading=\"lazy\" decoding=\"async\" width=\"576\" height=\"1024\" src=\"https:\/\/www.culturatlaxcala.com.mx\/wp-content\/uploads\/2025\/08\/TX_musicosJoseAgo2025-576x1024.jpg\" alt=\"\" class=\"wp-image-7766\" style=\"width:123px;height:auto\" srcset=\"https:\/\/www.culturatlaxcala.com.mx\/wp-content\/uploads\/2025\/08\/TX_musicosJoseAgo2025-576x1024.jpg 576w, https:\/\/www.culturatlaxcala.com.mx\/wp-content\/uploads\/2025\/08\/TX_musicosJoseAgo2025-169x300.jpg 169w, https:\/\/www.culturatlaxcala.com.mx\/wp-content\/uploads\/2025\/08\/TX_musicosJoseAgo2025-768x1365.jpg 768w, https:\/\/www.culturatlaxcala.com.mx\/wp-content\/uploads\/2025\/08\/TX_musicosJoseAgo2025-864x1536.jpg 864w, https:\/\/www.culturatlaxcala.com.mx\/wp-content\/uploads\/2025\/08\/TX_musicosJoseAgo2025.jpg 1080w\" sizes=\"auto, (max-width: 576px) 100vw, 576px\" \/><\/figure><\/figure>\n<\/a><p><a href=\"https:\/\/www.culturatlaxcala.com.mx\/wp-content\/uploads\/2025\/08\/TX_musicosJoseAgo2025-576x1024.jpg\" target=\"_blank\" rel=\"noreferrer noopener\"><\/a><\/p><\/td><\/tr><tr><td><strong>Sesi\u00f3n de Escucha &#8220;Las se\u00f1ales Contin\u00faan&#8230;&#8221;<br>\n<\/strong>Mi\u00e9rcoles 13 de agosto<br>\nCentro Cultural Papalotla,  9:00 hrs. <b>COSTO:<\/b> Entrada Libre<br>\nCalle Progreso 2, Barrio Potrero, Papalotla\u2003<\/td><td>\u2003<a href=\"https:\/\/www.culturatlaxcala.com.mx\/wp-content\/uploads\/2025\/08\/CCPapalotla_SesionesEscuchaAgo2025-1024x789.jpg\" target=\"_blank\" rel=\"noreferrer noopener\"><p><\/p>\n<figure class=\"wp-block-image size-large is-resized\"><figure><img loading=\"lazy\" decoding=\"async\" width=\"1024\" height=\"789\" src=\"https:\/\/www.culturatlaxcala.com.mx\/wp-content\/uploads\/2025\/08\/CCPapalotla_SesionesEscuchaAgo2025-1024x789.jpg\" alt=\"\" class=\"wp-image-7799\" style=\"width:260px;height:auto\" srcset=\"https:\/\/www.culturatlaxcala.com.mx\/wp-content\/uploads\/2025\/08\/CCPapalotla_SesionesEscuchaAgo2025-1024x789.jpg 1024w, https:\/\/www.culturatlaxcala.com.mx\/wp-content\/uploads\/2025\/08\/CCPapalotla_SesionesEscuchaAgo2025-300x231.jpg 300w, https:\/\/www.culturatlaxcala.com.mx\/wp-content\/uploads\/2025\/08\/CCPapalotla_SesionesEscuchaAgo2025-768x592.jpg 768w, https:\/\/www.culturatlaxcala.com.mx\/wp-content\/uploads\/2025\/08\/CCPapalotla_SesionesEscuchaAgo2025-1536x1183.jpg 1536w, https:\/\/www.culturatlaxcala.com.mx\/wp-content\/uploads\/2025\/08\/CCPapalotla_SesionesEscuchaAgo2025.jpg 1542w\" sizes=\"auto, (max-width: 1024px) 100vw, 1024px\" \/><\/figure><\/figure>\n<\/a><p><a href=\"https:\/\/www.culturatlaxcala.com.mx\/wp-content\/uploads\/2025\/08\/CCPapalotla_SesionesEscuchaAgo2025-1024x789.jpg\" target=\"_blank\" rel=\"noreferrer noopener\"><\/a><\/p><\/td><\/tr><tr><td><strong>\u00d3pera Cinema presenta &#8220;La Capa&#8221;<br>\n<\/strong> 1 de Agosto<br>\nTeatro Xicoht\u00e9ncatl,  18:00 hrs.<br>\nAv. Ju\u00e1rez No. 21, Centro Tlaxcala\u2003<\/td><td>\u2003<a href=\"https:\/\/www.culturatlaxcala.com.mx\/wp-content\/uploads\/2025\/07\/PalaCult_ExpoBazarAgo2025-1024x1024.jpg\" target=\"_blank\" rel=\"noreferrer noopener\"><p><\/p>\n<figure class=\"wp-block-image size-large is-resized\"><figure><img loading=\"lazy\" decoding=\"async\" width=\"710\" height=\"1024\" src=\"https:\/\/www.culturatlaxcala.com.mx\/wp-content\/uploads\/2025\/07\/TX_LaCapaAgo2025-710x1024.jpg\" alt=\"\" class=\"wp-image-7595\" style=\"width:241px;height:auto\" srcset=\"https:\/\/www.culturatlaxcala.com.mx\/wp-content\/uploads\/2025\/07\/TX_LaCapaAgo2025-710x1024.jpg 710w, https:\/\/www.culturatlaxcala.com.mx\/wp-content\/uploads\/2025\/07\/TX_LaCapaAgo2025-208x300.jpg 208w, https:\/\/www.culturatlaxcala.com.mx\/wp-content\/uploads\/2025\/07\/TX_LaCapaAgo2025-768x1108.jpg 768w, https:\/\/www.culturatlaxcala.com.mx\/wp-content\/uploads\/2025\/07\/TX_LaCapaAgo2025-1064x1536.jpg 1064w, https:\/\/www.culturatlaxcala.com.mx\/wp-content\/uploads\/2025\/07\/TX_LaCapaAgo2025.jpg 1419w\" sizes=\"auto, (max-width: 710px) 100vw, 710px\" \/><\/figure><\/figure>\n<\/a><p><a href=\"https:\/\/www.culturatlaxcala.com.mx\/wp-content\/uploads\/2025\/07\/PalaCult_ExpoBazarAgo2025-1024x1024.jpg\" target=\"_blank\" rel=\"noreferrer noopener\"><\/a><\/p><\/td><\/tr><tr><td><strong>Festejando al abuelo<br>\n<\/strong>S\u00e1bado 30 de agosto<br>\nTeatro Xicoht\u00e9ncatl,  19:00 hrs. <b>COSTO:<\/b> Boletos en Taquilla<br>\nAv. Ju\u00e1rez No. 21, Centro Tlaxcala\u2003<\/td><td>\u2003<a href=\"https:\/\/www.culturatlaxcala.com.mx\/wp-content\/uploads\/2025\/08\/TX_festejandoAbueloAgo2025-576x1024.jpg\" target=\"_blank\" rel=\"noreferrer noopener\"><p><\/p>\n<figure class=\"wp-block-image size-large is-resized\"><figure><img loading=\"lazy\" decoding=\"async\" width=\"576\" height=\"1024\" src=\"https:\/\/www.culturatlaxcala.com.mx\/wp-content\/uploads\/2025\/08\/TX_festejandoAbueloAgo2025-576x1024.jpg\" alt=\"\" class=\"wp-image-7770\" style=\"width:132px;height:auto\" srcset=\"https:\/\/www.culturatlaxcala.com.mx\/wp-content\/uploads\/2025\/08\/TX_festejandoAbueloAgo2025-576x1024.jpg 576w, https:\/\/www.culturatlaxcala.com.mx\/wp-content\/uploads\/2025\/08\/TX_festejandoAbueloAgo2025-169x300.jpg 169w, https:\/\/www.culturatlaxcala.com.mx\/wp-content\/uploads\/2025\/08\/TX_festejandoAbueloAgo2025-768x1365.jpg 768w, https:\/\/www.culturatlaxcala.com.mx\/wp-content\/uploads\/2025\/08\/TX_festejandoAbueloAgo2025-864x1536.jpg 864w, https:\/\/www.culturatlaxcala.com.mx\/wp-content\/uploads\/2025\/08\/TX_festejandoAbueloAgo2025.jpg 1080w\" sizes=\"auto, (max-width: 576px) 100vw, 576px\" \/><\/figure><\/figure>\n<\/a><p><a href=\"https:\/\/www.culturatlaxcala.com.mx\/wp-content\/uploads\/2025\/08\/TX_festejandoAbueloAgo2025-576x1024.jpg\" target=\"_blank\" rel=\"noreferrer noopener\"><\/a><\/p><\/td><\/tr><tr><td><b>LITERATURA<\/b><\/td><\/tr><tr><td><strong>Ceremonia de premiaci\u00f3n, PREMIO BELLAS ARTES DE LITERATURA TLAXCALA EN LENGUAS IND\u00cdGENAS 2025<br>\n<\/strong>Jueves 14 de agosto<br>\nTeatro Xicoht\u00e9ncatl,  12:00 hrs.<br>\nAv. Ju\u00e1rez No. 21, Centro Tlaxcala\u2003<\/td><td>\u2003<a href=\"https:\/\/www.culturatlaxcala.com.mx\/wp-content\/uploads\/2025\/08\/TX_PremioLiterLengIndigAgo2025-1024x1024.jpg\" target=\"_blank\" rel=\"noreferrer noopener\"><p><\/p>\n<figure class=\"wp-block-image size-large is-resized\"><figure><img loading=\"lazy\" decoding=\"async\" width=\"1024\" height=\"1024\" src=\"https:\/\/www.culturatlaxcala.com.mx\/wp-content\/uploads\/2025\/08\/TX_PremioLiterLengIndigAgo2025-1024x1024.jpg\" alt=\"\" class=\"wp-image-7816\" style=\"width:264px;height:auto\" srcset=\"https:\/\/www.culturatlaxcala.com.mx\/wp-content\/uploads\/2025\/08\/TX_PremioLiterLengIndigAgo2025-1024x1024.jpg 1024w, https:\/\/www.culturatlaxcala.com.mx\/wp-content\/uploads\/2025\/08\/TX_PremioLiterLengIndigAgo2025-300x300.jpg 300w, https:\/\/www.culturatlaxcala.com.mx\/wp-content\/uploads\/2025\/08\/TX_PremioLiterLengIndigAgo2025-150x150.jpg 150w, https:\/\/www.culturatlaxcala.com.mx\/wp-content\/uploads\/2025\/08\/TX_PremioLiterLengIndigAgo2025-768x768.jpg 768w, https:\/\/www.culturatlaxcala.com.mx\/wp-content\/uploads\/2025\/08\/TX_PremioLiterLengIndigAgo2025-570x570.jpg 570w, https:\/\/www.culturatlaxcala.com.mx\/wp-content\/uploads\/2025\/08\/TX_PremioLiterLengIndigAgo2025-380x380.jpg 380w, https:\/\/www.culturatlaxcala.com.mx\/wp-content\/uploads\/2025\/08\/TX_PremioLiterLengIndigAgo2025-285x285.jpg 285w, https:\/\/www.culturatlaxcala.com.mx\/wp-content\/uploads\/2025\/08\/TX_PremioLiterLengIndigAgo2025.jpg 1080w\" sizes=\"auto, (max-width: 1024px) 100vw, 1024px\" \/><\/figure><\/figure>\n<\/a><p><a href=\"https:\/\/www.culturatlaxcala.com.mx\/wp-content\/uploads\/2025\/08\/TX_PremioLiterLengIndigAgo2025-1024x1024.jpg\" target=\"_blank\" rel=\"noreferrer noopener\"><\/a><\/p><\/td><\/tr><tr><td><b>ARTES VISUALES<\/b><\/td><\/tr><tr><td><strong>Itanchy POPUP:<br>\nPirater\u00eda y taller de serigraf\u00eda con &#8220;La tinta caifan studio&#8221;<br>\n<\/strong>S\u00e1bado 16 de agosto<br>\nPinacoteca del Estado,  12:00 hrs.<br>\nAv. Guerrero No. 15, Centro Tlaxcala\u2003<\/td><td>\u2003<a href=\"https:\/\/www.culturatlaxcala.com.mx\/wp-content\/uploads\/2025\/08\/Pina_TallerSerigrafiaAgo2025.jpg\" target=\"_blank\" rel=\"noreferrer noopener\"><p><\/p>\n<figure class=\"wp-block-image size-full is-resized\"><figure><img loading=\"lazy\" decoding=\"async\" width=\"526\" height=\"525\" src=\"https:\/\/www.culturatlaxcala.com.mx\/wp-content\/uploads\/2025\/08\/Pina_TallerSerigrafiaAgo2025.jpg\" alt=\"\" class=\"wp-image-7784\" style=\"width:205px;height:auto\" srcset=\"https:\/\/www.culturatlaxcala.com.mx\/wp-content\/uploads\/2025\/08\/Pina_TallerSerigrafiaAgo2025.jpg 526w, https:\/\/www.culturatlaxcala.com.mx\/wp-content\/uploads\/2025\/08\/Pina_TallerSerigrafiaAgo2025-300x300.jpg 300w, https:\/\/www.culturatlaxcala.com.mx\/wp-content\/uploads\/2025\/08\/Pina_TallerSerigrafiaAgo2025-150x150.jpg 150w, https:\/\/www.culturatlaxcala.com.mx\/wp-content\/uploads\/2025\/08\/Pina_TallerSerigrafiaAgo2025-380x380.jpg 380w, https:\/\/www.culturatlaxcala.com.mx\/wp-content\/uploads\/2025\/08\/Pina_TallerSerigrafiaAgo2025-285x285.jpg 285w\" sizes=\"auto, (max-width: 526px) 100vw, 526px\" \/><\/figure><\/figure>\n<\/a><p><a href=\"https:\/\/www.culturatlaxcala.com.mx\/wp-content\/uploads\/2025\/08\/Pina_TallerSerigrafiaAgo2025.jpg\" target=\"_blank\" rel=\"noreferrer noopener\"><\/a><\/p><\/td><\/tr><tr><td><b>ESPECIALES<\/b><\/td><\/tr><tr><td><strong>D\u00eda Internacional de los Pueblos Ind\u00edgenas 2025<br>\n<\/strong>el 6 de Agosto<br>\nExplanada de la Iglesia de Tizatl\u00e1n<br>\n\u2003<\/td><td>\u2003<a href=\"https:\/\/www.culturatlaxcala.com.mx\/diaInternacionalPueblosIndigenas2025.pdf\" target=\"_blank\" rel=\"noreferrer noopener\"><p><\/p>\n<figure class=\"wp-block-image size-large is-resized\"><figure><img loading=\"lazy\" decoding=\"async\" width=\"645\" height=\"1024\" src=\"https:\/\/www.culturatlaxcala.com.mx\/wp-content\/uploads\/2025\/08\/SC_diaPeblosIndigenasAgo2025_01-645x1024.jpg\" alt=\"\" class=\"wp-image-7777\" style=\"width:186px;height:auto\" srcset=\"https:\/\/www.culturatlaxcala.com.mx\/wp-content\/uploads\/2025\/08\/SC_diaPeblosIndigenasAgo2025_01-645x1024.jpg 645w, https:\/\/www.culturatlaxcala.com.mx\/wp-content\/uploads\/2025\/08\/SC_diaPeblosIndigenasAgo2025_01-189x300.jpg 189w, https:\/\/www.culturatlaxcala.com.mx\/wp-content\/uploads\/2025\/08\/SC_diaPeblosIndigenasAgo2025_01-768x1219.jpg 768w, https:\/\/www.culturatlaxcala.com.mx\/wp-content\/uploads\/2025\/08\/SC_diaPeblosIndigenasAgo2025_01-967x1536.jpg 967w, https:\/\/www.culturatlaxcala.com.mx\/wp-content\/uploads\/2025\/08\/SC_diaPeblosIndigenasAgo2025_01.jpg 980w\" sizes=\"auto, (max-width: 645px) 100vw, 645px\" \/><\/figure><\/figure>\n<\/a><p><a href=\"https:\/\/www.culturatlaxcala.com.mx\/diaInternacionalPueblosIndigenas2025.pdf\" target=\"_blank\" rel=\"noreferrer noopener\"><\/a><\/p><\/td><\/tr><tr><td><strong>Cartelera Segunda Quincena de Agosto 2025<br>\n<\/strong>del 16 al 31 de Agosto<br>\nVarias Sedes<br>\n\u2003<\/td><td>\u2003<a href=\"https:\/\/www.culturatlaxcala.com.mx\/carteleraSC_2daAgo2025.pdf\" target=\"_blank\" rel=\"noreferrer noopener\"><p><\/p>\n<figure class=\"wp-block-image size-large is-resized\"><figure><img loading=\"lazy\" decoding=\"async\" width=\"791\" height=\"1024\" src=\"https:\/\/www.culturatlaxcala.com.mx\/wp-content\/uploads\/2025\/07\/SC_Caretelera1aAgo2025_01-1-791x1024.jpg\" alt=\"\" class=\"wp-image-7650\" style=\"width:277px;height:auto\" srcset=\"https:\/\/www.culturatlaxcala.com.mx\/wp-content\/uploads\/2025\/07\/SC_Caretelera1aAgo2025_01-1-791x1024.jpg 791w, https:\/\/www.culturatlaxcala.com.mx\/wp-content\/uploads\/2025\/07\/SC_Caretelera1aAgo2025_01-1-232x300.jpg 232w, https:\/\/www.culturatlaxcala.com.mx\/wp-content\/uploads\/2025\/07\/SC_Caretelera1aAgo2025_01-1-768x994.jpg 768w, https:\/\/www.culturatlaxcala.com.mx\/wp-content\/uploads\/2025\/07\/SC_Caretelera1aAgo2025_01-1-1187x1536.jpg 1187w, https:\/\/www.culturatlaxcala.com.mx\/wp-content\/uploads\/2025\/07\/SC_Caretelera1aAgo2025_01-1.jpg 1236w\" sizes=\"auto, (max-width: 791px) 100vw, 791px\" \/><\/figure><\/figure>\n<\/a><p><a href=\"https:\/\/www.culturatlaxcala.com.mx\/carteleraSC_2daAgo2025.pdf\" target=\"_blank\" rel=\"noreferrer noopener\"><\/a><\/p><\/td><\/tr><tr><td><strong>Expo-Bazar Juvenil<br>\n<\/strong>del 14 al 16 de Agosto<br>\nPalacio de Cultura,  de 11:00 a 15:00 hrs.<br>\nAv. Ju\u00e1rez No. 62, Centro Tlaxcala\u2003<\/td><td>\u2003<a href=\"https:\/\/www.culturatlaxcala.com.mx\/wp-content\/uploads\/2025\/07\/PalaCult_ExpoBazarAgo2025-1024x1024.jpg\" target=\"_blank\" rel=\"noreferrer noopener\"><p><\/p>\n<figure class=\"wp-block-image size-large is-resized\"><figure><img loading=\"lazy\" decoding=\"async\" width=\"1024\" height=\"1024\" src=\"http:\/\/www.culturatlaxcala.com.mx\/wp-content\/uploads\/2025\/07\/PalaCult_ExpoBazarAgo2025-1024x1024.jpg\" alt=\"\" class=\"wp-image-7599\" style=\"width:255px;height:auto\" srcset=\"https:\/\/www.culturatlaxcala.com.mx\/wp-content\/uploads\/2025\/07\/PalaCult_ExpoBazarAgo2025-1024x1024.jpg 1024w, https:\/\/www.culturatlaxcala.com.mx\/wp-content\/uploads\/2025\/07\/PalaCult_ExpoBazarAgo2025-300x300.jpg 300w, https:\/\/www.culturatlaxcala.com.mx\/wp-content\/uploads\/2025\/07\/PalaCult_ExpoBazarAgo2025-150x150.jpg 150w, https:\/\/www.culturatlaxcala.com.mx\/wp-content\/uploads\/2025\/07\/PalaCult_ExpoBazarAgo2025-768x768.jpg 768w, https:\/\/www.culturatlaxcala.com.mx\/wp-content\/uploads\/2025\/07\/PalaCult_ExpoBazarAgo2025-1536x1536.jpg 1536w, https:\/\/www.culturatlaxcala.com.mx\/wp-content\/uploads\/2025\/07\/PalaCult_ExpoBazarAgo2025.jpg 2000w\" sizes=\"auto, (max-width: 1024px) 100vw, 1024px\" \/><\/figure><\/figure>\n<\/a><p><a href=\"https:\/\/www.culturatlaxcala.com.mx\/wp-content\/uploads\/2025\/07\/PalaCult_ExpoBazarAgo2025-1024x1024.jpg\" target=\"_blank\" rel=\"noreferrer noopener\"><\/a><\/p><\/td><\/tr><tr><td><strong>Taller de Radio<br>\n<\/strong>del 6 al 29 de Agosto<br>\nInformes y requisitos: 2471102051<br>\nIxtenco Radio\u2003<\/td><td>\u2003<a href=\"https:\/\/www.culturatlaxcala.com.mx\/wp-content\/uploads\/2025\/07\/IXTenco_TallerRadioAgo2025-819x1024.jpg\" target=\"_blank\" rel=\"noreferrer noopener\"><p><\/p>\n<figure class=\"wp-block-image size-large is-resized\"><figure><img loading=\"lazy\" decoding=\"async\" width=\"819\" height=\"1024\" src=\"https:\/\/www.culturatlaxcala.com.mx\/wp-content\/uploads\/2025\/07\/IXTenco_TallerRadioAgo2025-819x1024.jpg\" alt=\"\" class=\"wp-image-7608\" style=\"width:266px;height:auto\" srcset=\"https:\/\/www.culturatlaxcala.com.mx\/wp-content\/uploads\/2025\/07\/IXTenco_TallerRadioAgo2025-819x1024.jpg 819w, https:\/\/www.culturatlaxcala.com.mx\/wp-content\/uploads\/2025\/07\/IXTenco_TallerRadioAgo2025-240x300.jpg 240w, https:\/\/www.culturatlaxcala.com.mx\/wp-content\/uploads\/2025\/07\/IXTenco_TallerRadioAgo2025-768x960.jpg 768w, https:\/\/www.culturatlaxcala.com.mx\/wp-content\/uploads\/2025\/07\/IXTenco_TallerRadioAgo2025.jpg 1080w\" sizes=\"auto, (max-width: 819px) 100vw, 819px\" \/><\/figure><\/figure>\n<\/a><p><a href=\"https:\/\/www.culturatlaxcala.com.mx\/wp-content\/uploads\/2025\/07\/IXTenco_TallerRadioAgo2025-819x1024.jpg\" target=\"_blank\" rel=\"noreferrer noopener\"><\/a><\/p><\/td><\/tr><tr><td><strong>Cartelera Palacio de Cultura, Segunda Quincena de Agosto de 2025<br>\n<\/strong>del 16 al 31 de Agosto<br>\n\u2003<\/td><td>\u2003<a href=\"https:\/\/www.culturatlaxcala.com.mx\/carteleraPalacio2daAgo2025.pdf\" target=\"_blank\" rel=\"noreferrer noopener\"><p><\/p>\n<figure class=\"wp-block-image size-large is-resized\"><figure><img loading=\"lazy\" decoding=\"async\" width=\"791\" height=\"1024\" src=\"https:\/\/www.culturatlaxcala.com.mx\/wp-content\/uploads\/2025\/07\/CarteleraPalacio1a_Ago2025-1-791x1024.jpg\" alt=\"\" class=\"wp-image-7629\" style=\"width:243px;height:auto\" srcset=\"https:\/\/www.culturatlaxcala.com.mx\/wp-content\/uploads\/2025\/07\/CarteleraPalacio1a_Ago2025-1-791x1024.jpg 791w, https:\/\/www.culturatlaxcala.com.mx\/wp-content\/uploads\/2025\/07\/CarteleraPalacio1a_Ago2025-1-232x300.jpg 232w, https:\/\/www.culturatlaxcala.com.mx\/wp-content\/uploads\/2025\/07\/CarteleraPalacio1a_Ago2025-1-768x994.jpg 768w, https:\/\/www.culturatlaxcala.com.mx\/wp-content\/uploads\/2025\/07\/CarteleraPalacio1a_Ago2025-1-1187x1536.jpg 1187w, https:\/\/www.culturatlaxcala.com.mx\/wp-content\/uploads\/2025\/07\/CarteleraPalacio1a_Ago2025-1.jpg 1545w\" sizes=\"auto, (max-width: 791px) 100vw, 791px\" \/><\/figure><\/figure>\n<\/a><p><a href=\"https:\/\/www.culturatlaxcala.com.mx\/carteleraPalacio2daAgo2025.pdf\" target=\"_blank\" rel=\"noreferrer noopener\"><\/a><\/p><\/td><\/tr><tr><td><strong>Taller: Cocina con ra\u00edz y creaci\u00f3n<br>\n<\/strong>el 15 y 22 de Agosto,  y  el 12 y 19 de septiembre<br>\nde 11:00 a 15:00 hrs.\u2003<\/td><td>\u2003<a href=\"https:\/\/www.culturatlaxcala.com.mx\/wp-content\/uploads\/2025\/08\/Pina_TallerCocinaAgoSept2025.jpg\" target=\"_blank\" rel=\"noreferrer noopener\"><p><\/p>\n<figure class=\"wp-block-image size-full is-resized\"><figure><img loading=\"lazy\" decoding=\"async\" width=\"509\" height=\"720\" src=\"https:\/\/www.culturatlaxcala.com.mx\/wp-content\/uploads\/2025\/08\/Pina_TallerCocinaAgoSept2025.jpg\" alt=\"\" class=\"wp-image-7801\" style=\"width:175px;height:auto\" srcset=\"https:\/\/www.culturatlaxcala.com.mx\/wp-content\/uploads\/2025\/08\/Pina_TallerCocinaAgoSept2025.jpg 509w, https:\/\/www.culturatlaxcala.com.mx\/wp-content\/uploads\/2025\/08\/Pina_TallerCocinaAgoSept2025-212x300.jpg 212w\" sizes=\"auto, (max-width: 509px) 100vw, 509px\" \/><\/figure><\/figure>\n<\/a><p><a href=\"https:\/\/www.culturatlaxcala.com.mx\/wp-content\/uploads\/2025\/08\/Pina_TallerCocinaAgoSept2025.jpg\" target=\"_blank\" rel=\"noreferrer noopener\"><\/a><\/p><\/td><\/tr><tr><td><strong>Conferencia: Los Xiuhpohualli de Tlaxcala Siglos XVI-XVII<br>\n<\/strong>el viernes 15 de Agosto, a las 16:30 hrs.<br>\nMuseo de la Memoria, Av. Independencia No. 3m Centro, Tlaxcalas.\u2003<\/td><td>\u2003<a href=\"https:\/\/www.culturatlaxcala.com.mx\/wp-content\/uploads\/2025\/08\/MMemoria_ConfLosXiuhpohualliAgo2025-704x1024.jpg\" target=\"_blank\" rel=\"noreferrer noopener\"><p><\/p>\n<figure class=\"wp-block-image size-large is-resized\"><figure><img loading=\"lazy\" decoding=\"async\" width=\"704\" height=\"1024\" src=\"https:\/\/www.culturatlaxcala.com.mx\/wp-content\/uploads\/2025\/08\/MMemoria_ConfLosXiuhpohualliAgo2025-704x1024.jpg\" alt=\"\" class=\"wp-image-7808\" style=\"width:222px;height:auto\" srcset=\"https:\/\/www.culturatlaxcala.com.mx\/wp-content\/uploads\/2025\/08\/MMemoria_ConfLosXiuhpohualliAgo2025-704x1024.jpg 704w, https:\/\/www.culturatlaxcala.com.mx\/wp-content\/uploads\/2025\/08\/MMemoria_ConfLosXiuhpohualliAgo2025-206x300.jpg 206w, https:\/\/www.culturatlaxcala.com.mx\/wp-content\/uploads\/2025\/08\/MMemoria_ConfLosXiuhpohualliAgo2025-768x1117.jpg 768w, https:\/\/www.culturatlaxcala.com.mx\/wp-content\/uploads\/2025\/08\/MMemoria_ConfLosXiuhpohualliAgo2025.jpg 880w\" sizes=\"auto, (max-width: 704px) 100vw, 704px\" \/><\/figure><\/figure>\n<\/a><p><a href=\"https:\/\/www.culturatlaxcala.com.mx\/wp-content\/uploads\/2025\/08\/MMemoria_ConfLosXiuhpohualliAgo2025-704x1024.jpg\" target=\"_blank\" rel=\"noreferrer noopener\"><\/a><\/p><\/td><\/tr><\/tbody><\/table><\/figure>\n","protected":false},"excerpt":{"rendered":"<p>AGOSTO 2025 TEATRO Somnia, Un espect\u00e1culo de circo Jueves 14 de Agosto Teatro Xicoht\u00e9ncatl, 19:00 hrs., Costo: $150.00 Av. Ju\u00e1rez No. 21, Centro Tlaxcala\u2003 \u2003 34 Aniversario del Museo Nacional del T\u00edtere (MUNATI) S\u00e1bado 9 de Agosto Parque Ju\u00e1rez No. 15, Centro, Huamantla. \u2003 \u2003 Compa\u00f1\u00eda Mezcolanza Teatro presenta: ZUR Martes 12 de Agosto Teatro<\/p>\n<p><a href=\"https:\/\/www.culturatlaxcala.com.mx\/index.php\/agenda\/\" class=\"more-link themebutton\">Read More<\/a><\/p>\n","protected":false},"author":1,"featured_media":0,"parent":0,"menu_order":0,"comment_status":"closed","ping_status":"closed","template":"","meta":{"footnotes":""},"class_list":["post-7530","page","type-page","status-publish","hentry"],"_links":{"self":[{"href":"https:\/\/www.culturatlaxcala.com.mx\/index.php\/wp-json\/wp\/v2\/pages\/7530","targetHints":{"allow":["GET"]}}],"collection":[{"href":"https:\/\/www.culturatlaxcala.com.mx\/index.php\/wp-json\/wp\/v2\/pages"}],"about":[{"href":"https:\/\/www.culturatlaxcala.com.mx\/index.php\/wp-json\/wp\/v2\/types\/page"}],"author":[{"embeddable":true,"href":"https:\/\/www.culturatlaxcala.com.mx\/index.php\/wp-json\/wp\/v2\/users\/1"}],"replies":[{"embeddable":true,"href":"https:\/\/www.culturatlaxcala.com.mx\/index.php\/wp-json\/wp\/v2\/comments?post=7530"}],"version-history":[{"count":110,"href":"https:\/\/www.culturatlaxcala.com.mx\/index.php\/wp-json\/wp\/v2\/pages\/7530\/revisions"}],"predecessor-version":[{"id":7843,"href":"https:\/\/www.culturatlaxcala.com.mx\/index.php\/wp-json\/wp\/v2\/pages\/7530\/revisions\/7843"}],"wp:attachment":[{"href":"https:\/\/www.culturatlaxcala.com.mx\/index.php\/wp-json\/wp\/v2\/media?parent=7530"}],"curies":[{"name":"wp","href":"https:\/\/api.w.org\/{rel}","templated":true}]}}